{"id":83,"date":"2024-06-09T15:45:33","date_gmt":"2024-06-09T13:45:33","guid":{"rendered":"https:\/\/anciens-fermat.fr\/?page_id=83"},"modified":"2024-06-09T15:45:33","modified_gmt":"2024-06-09T13:45:33","slug":"le-mot-du-president","status":"publish","type":"page","link":"https:\/\/anciens-fermat.fr\/en\/le-mot-du-president\/","title":{"rendered":"Le mot du Pr\u00e9sident"},"content":{"rendered":"<div class=\"wp-block-media-text has-media-on-the-right is-stacked-on-mobile is-vertically-aligned-top\" style=\"grid-template-columns:auto 25%\"><div class=\"wp-block-media-text__content\">\n<p>Vous \u00eates sur le site de l\u2019Association des Anciens El\u00e8ves du Lyc\u00e9e Pierre de Fermat, site coupl\u00e9 avec ceux du lyc\u00e9e et du coll\u00e8ge \u00e9dit\u00e9s par l\u2019acad\u00e9mie.<\/p>\n\n\n\n<p>Depuis sa cr\u00e9ation en 1872, \u00e0 l\u2019\u00e9poque o\u00f9 le Lyc\u00e9e Pierre de Fermat s\u2019appelait encore Lyc\u00e9e de Toulouse, notre association r\u00e9unit les anciens \u00e9l\u00e8ves du Lyc\u00e9e, puis r\u00e9forme oblige les anciens du Coll\u00e8ge, et enfin les anciennes \u00e9l\u00e8ves d\u00e8s que les deux entit\u00e9s sont devenues au fil des ans mixtes.<br>Cette association a de nombreux buts, le premier \u00e9tant non seulement de conserver des liens nou\u00e9s pendant notre scolarit\u00e9, mais aussi rencontrer ceux qui ont fr\u00e9quent\u00e9 notre prestigieux \u00ab bahut \u00bb \u00e0 d\u2019autres \u00e9poques, y compris les professeurs.<\/p>\n\n\n\n<p>Ce site vous offre ces possibilit\u00e9s, vous permet aussi de vous tenir au courant de la vie de notre lyc\u00e9e, d\u2019adh\u00e9rer \u00e0 notre association en payant votre cotisation en ligne, et avant la fin de l\u2019ann\u00e9e acheter en ligne des objets et v\u00eatements \u00e0 l\u2019effigie de l\u2019association, porteurs donc du blason que l\u2019association et le lyc\u00e9e ont \u00e9labor\u00e9 ensemble en 2017 (chemin dans le menu : PRESENTATION &#8211; GENESE DU BLASON).<\/p>\n\n\n\n<p>De nombreuses autres possibilit\u00e9s vous sont aussi offertes en parcourant ce site, et nous vous laissons le soin de les d\u00e9couvrir en parcourant ses pages.<\/p>\n\n\n\n<p>Nous souhaitons que ce site vive, qu\u2019il soit le lien entre tous, nous et vous, et pour cela serons attentifs \u00e0 vos observations, id\u00e9es et \u00e9l\u00e9ments que vous pourriez nous communiquer dansce but : n\u2019h\u00e9sitez pas \u00e0 nous proposer tout ce qui pourrait alimenter ses rubriques.<br>Nous vous souhaitons une bonne lecture, esp\u00e9rons vous rencontrer lors de nos diff\u00e9rentes manifestations, et vous compter parmi nos prochains adh\u00e9rent(e)s si vous ne l\u2019\u00eates pas encore.<\/p>\n\n\n\n<p>Bonne lecture.<\/p>\n\n\n\n<p><mark style=\"background-color:rgba(0, 0, 0, 0)\" class=\"has-inline-color has-woostify-primary-color\">Le Pr\u00e9sident au nom du Conseil d\u2019Administration.<\/mark><\/p>\n<\/div><figure class=\"wp-block-media-text__media\"><img loading=\"lazy\" decoding=\"async\" width=\"200\" height=\"200\" src=\"https:\/\/anciens-fermat.fr\/wp-content\/uploads\/2024\/06\/didier-saintpaul.jpg\" alt=\"\" class=\"wp-image-84 size-full\" srcset=\"https:\/\/anciens-fermat.fr\/wp-content\/uploads\/2024\/06\/didier-saintpaul.jpg 200w, https:\/\/anciens-fermat.fr\/wp-content\/uploads\/2024\/06\/didier-saintpaul-128x128.jpg 128w, https:\/\/anciens-fermat.fr\/wp-content\/uploads\/2024\/06\/didier-saintpaul-100x100.jpg 100w, https:\/\/anciens-fermat.fr\/wp-content\/uploads\/2024\/06\/didier-saintpaul-150x150.jpg 150w\" sizes=\"auto, (max-width: 200px) 100vw, 200px\" \/><\/figure><\/div>","protected":false},"excerpt":{"rendered":"<p>Vous \u00eates sur le site de l\u2019Association des Anciens El\u00e8ves du Lyc\u00e9e Pierre de Fermat, site coupl\u00e9 avec ceux du lyc\u00e9e et du coll\u00e8ge \u00e9dit\u00e9s par l\u2019acad\u00e9mie. Depuis sa cr\u00e9ation en 1872,&#8230;<\/p>","protected":false},"author":1,"featured_media":84,"parent":0,"menu_order":0,"comment_status":"closed","ping_status":"closed","template":"","meta":{"footnotes":""},"class_list":["post-83","page","type-page","status-publish","has-post-thumbnail","hentry"],"_links":{"self":[{"href":"https:\/\/anciens-fermat.fr\/en\/wp-json\/wp\/v2\/pages\/83","targetHints":{"allow":["GET"]}}],"collection":[{"href":"https:\/\/anciens-fermat.fr\/en\/wp-json\/wp\/v2\/pages"}],"about":[{"href":"https:\/\/anciens-fermat.fr\/en\/wp-json\/wp\/v2\/types\/page"}],"author":[{"embeddable":true,"href":"https:\/\/anciens-fermat.fr\/en\/wp-json\/wp\/v2\/users\/1"}],"replies":[{"embeddable":true,"href":"https:\/\/anciens-fermat.fr\/en\/wp-json\/wp\/v2\/comments?post=83"}],"version-history":[{"count":1,"href":"https:\/\/anciens-fermat.fr\/en\/wp-json\/wp\/v2\/pages\/83\/revisions"}],"predecessor-version":[{"id":85,"href":"https:\/\/anciens-fermat.fr\/en\/wp-json\/wp\/v2\/pages\/83\/revisions\/85"}],"wp:featuredmedia":[{"embeddable":true,"href":"https:\/\/anciens-fermat.fr\/en\/wp-json\/wp\/v2\/media\/84"}],"wp:attachment":[{"href":"https:\/\/anciens-fermat.fr\/en\/wp-json\/wp\/v2\/media?parent=83"}],"curies":[{"name":"wp","href":"https:\/\/api.w.org\/{rel}","templated":true}]}}