{"id":72,"date":"2024-06-09T15:32:18","date_gmt":"2024-06-09T13:32:18","guid":{"rendered":"https:\/\/anciens-fermat.fr\/?page_id=72"},"modified":"2025-04-04T11:58:08","modified_gmt":"2025-04-04T09:58:08","slug":"mentions-legales","status":"publish","type":"page","link":"https:\/\/anciens-fermat.fr\/en\/mentions-legales\/","title":{"rendered":"Mentions l\u00e9gales"},"content":{"rendered":"<h2 class=\"wp-block-heading\"><strong>Informations \u00e9diteur et coordonn\u00e9es postales<\/strong><\/h2>\n\n\n\n<p>Le site internet de l\u2019Association des Anciens \u00c9l\u00e8ves du Lyc\u00e9e Pierre de Fermat\u00a0<strong>\u00ab\u00a0<a href=\"http:\/\/www.anciens-fermat.com\/\">www.anciens-fermat.fr<\/a>\u00a0\u00bb<\/strong>\u00a0est r\u00e9alis\u00e9 par l&#8217;association.<br>Directeur de la publication :\u00a0<strong><mark style=\"background-color:rgba(0, 0, 0, 0)\" class=\"has-inline-color has-woostify-primary-color\">Didier SAINT-PAUL<\/mark><\/strong><br><br>Pour toute suggestion, information, r\u00e9action concernant ce site, n&#8217;h\u00e9sitez pas \u00e0 \u00e9crire \u00e0 l\u2019administrateur du site <a href=\"mailto:anciens.fermat@gmail.com\">anciens.fermat@gmail.com<\/a> ou contact@anciens-fermat.fr<br><\/p>\n\n\n\n<p>Association des Anciens \u00c9l\u00e8ves du Lyc\u00e9e Pierre de Fermat<\/p>\n\n\n\n<p>chez Pierre FRAYSSE<\/p>\n\n\n\n<p>7 impasse Gabriel VOISIN<\/p>\n\n\n\n<p>31130 BALMA<\/p>\n\n\n\n<h2 class=\"wp-block-heading\"><strong>\u00c9tablir un lien vers le site&nbsp;<a href=\"http:\/\/www.anciens-fermat.com\/\">www.anciens-fermat.fr<\/a><\/strong><\/h2>\n\n\n\n<p>Tout site Internet ou tout autre support voulant citer ou mettre en place un lien hypertexte pointant vers son contenu, devra effectuer une demande d&#8217;autorisation aupr\u00e8s de l&#8217;administrateur. L&#8217;autorisation de mise en place d&#8217;un lien est possible pour tout support, mais il est \u00e9vident qu&#8217;elle sera refus\u00e9e cat\u00e9goriquement \u00e0 ceux diffusant des informations \u00e0 caract\u00e8re pol\u00e9mique, pornographique, x\u00e9nophobe ou pouvant, dans une plus large mesure porter atteinte \u00e0 la sensibilit\u00e9 du plus grand nombre.<\/p>\n\n\n\n<h2 class=\"wp-block-heading\"><strong>D\u00e9veloppements et h\u00e9bergement du site<\/strong><\/h2>\n\n\n\n<p>Le site Internet de l\u2019Association des Anciens \u00c9l\u00e8ves du Lyc\u00e9e Pierre de FERMAT a \u00e9t\u00e9 cr\u00e9\u00e9 en d\u00e9cembre 2004 et reconstruit en Novembre 2016, puis migr\u00e9 et repens\u00e9 en 2024.<br>Il est depuis 2019, maintenu par l&#8217;administrateur du site, ancien informaticien et b\u00e9n\u00e9vole de l&#8217;association.<br>Le site est h\u00e9berg\u00e9 par la soci\u00e9t\u00e9 O2Switch<\/p>\n\n\n\n<h2 class=\"wp-block-heading\"><strong>Cr\u00e9dits photographiques<\/strong><\/h2>\n\n\n\n<p>Les photographies pr\u00e9sent\u00e9es sur ce site sont prot\u00e9g\u00e9es par le Code de la propri\u00e9t\u00e9 intellectuelle et artistique. La reproduction des photographies portant les mentions \u00a9 est uniquement autoris\u00e9e pour un public de non-professionnels de l&#8217;image et pour un usage strictement priv\u00e9 sous r\u00e9serve de la mention des cr\u00e9dits du clich\u00e9. Les autres mentions interdisent toute utilisation sans accord pr\u00e9alable du ou des titulaires des droits d\u2019auteur. Tout usage commercial ou \u00e0 caract\u00e8re lucratif des images est interdit.<br>L\u2019Association des Anciens \u00c9l\u00e8ves du Lyc\u00e9e Pierre de FERMAT se r\u00e9serve le droit d\u2019engager des poursuites pour toute utilisation frauduleuse de ces images et notamment toute utilisation sortant du cadre des supports pr\u00e9sent\u00e9s.<br>Merci de bien vouloir contacter l&#8217;administrateur du site pour toutes demandes de renseignements.<\/p>\n\n\n\n<h2 class=\"wp-block-heading\"><strong>Phototh\u00e8que<\/strong><\/h2>\n\n\n\n<p><a href=\"mailto:anciens.fermat@gmail.com\">anciens.fermat@gmail.com<\/a><\/p>\n\n\n\n<h2 class=\"wp-block-heading\"><strong>Droits d&#8217;auteur<\/strong><\/h2>\n\n\n\n<p>&#8220;Ce site respecte le droit d&#8217;auteur. Tous les droits des auteurs des \u0153uvres prot\u00e9g\u00e9es reproduites et communiqu\u00e9es sur ce site, sont r\u00e9serv\u00e9s. Sauf autorisation, toute utilisation des \u0153uvres autres que la reproduction et la consultation individuelles et priv\u00e9es sont interdites&#8221;<\/p>","protected":false},"excerpt":{"rendered":"<p>Informations \u00e9diteur et coordonn\u00e9es postales Le site internet de l\u2019Association des Anciens \u00c9l\u00e8ves du Lyc\u00e9e Pierre de Fermat\u00a0\u00ab\u00a0www.anciens-fermat.fr\u00a0\u00bb\u00a0est r\u00e9alis\u00e9 par l&#8217;association.Directeur de la publication :\u00a0Didier SAINT-PAUL Pour toute suggestion, information, r\u00e9action concernant&#8230;<\/p>","protected":false},"author":1,"featured_media":0,"parent":0,"menu_order":0,"comment_status":"closed","ping_status":"closed","template":"","meta":{"footnotes":""},"class_list":["post-72","page","type-page","status-publish","hentry"],"_links":{"self":[{"href":"https:\/\/anciens-fermat.fr\/en\/wp-json\/wp\/v2\/pages\/72","targetHints":{"allow":["GET"]}}],"collection":[{"href":"https:\/\/anciens-fermat.fr\/en\/wp-json\/wp\/v2\/pages"}],"about":[{"href":"https:\/\/anciens-fermat.fr\/en\/wp-json\/wp\/v2\/types\/page"}],"author":[{"embeddable":true,"href":"https:\/\/anciens-fermat.fr\/en\/wp-json\/wp\/v2\/users\/1"}],"replies":[{"embeddable":true,"href":"https:\/\/anciens-fermat.fr\/en\/wp-json\/wp\/v2\/comments?post=72"}],"version-history":[{"count":2,"href":"https:\/\/anciens-fermat.fr\/en\/wp-json\/wp\/v2\/pages\/72\/revisions"}],"predecessor-version":[{"id":792,"href":"https:\/\/anciens-fermat.fr\/en\/wp-json\/wp\/v2\/pages\/72\/revisions\/792"}],"wp:attachment":[{"href":"https:\/\/anciens-fermat.fr\/en\/wp-json\/wp\/v2\/media?parent=72"}],"curies":[{"name":"wp","href":"https:\/\/api.w.org\/{rel}","templated":true}]}}