{"id":61,"date":"2024-06-09T15:27:08","date_gmt":"2024-06-09T13:27:08","guid":{"rendered":"https:\/\/anciens-fermat.fr\/?page_id=61"},"modified":"2025-04-04T11:54:44","modified_gmt":"2025-04-04T09:54:44","slug":"lassociation","status":"publish","type":"page","link":"https:\/\/anciens-fermat.fr\/en\/lassociation\/","title":{"rendered":"L&#8217;association"},"content":{"rendered":"<div class=\"wp-block-columns is-layout-flex wp-container-core-columns-is-layout-9d6595d7 wp-block-columns-is-layout-flex\">\n<div class=\"wp-block-column is-layout-flow wp-block-column-is-layout-flow\" style=\"flex-basis:33.33%\"><div class=\"wp-block-image\">\n<figure class=\"aligncenter size-full\"><img loading=\"lazy\" decoding=\"async\" width=\"200\" height=\"287\" src=\"https:\/\/anciens-fermat.fr\/wp-content\/uploads\/2024\/06\/Statuts_02.jpg\" alt=\"\" class=\"wp-image-62\" srcset=\"https:\/\/anciens-fermat.fr\/wp-content\/uploads\/2024\/06\/Statuts_02.jpg 200w, https:\/\/anciens-fermat.fr\/wp-content\/uploads\/2024\/06\/Statuts_02-128x184.jpg 128w\" sizes=\"auto, (max-width: 200px) 100vw, 200px\" \/><\/figure>\n<\/div><\/div>\n\n\n\n<div class=\"wp-block-column is-layout-flow wp-block-column-is-layout-flow\" style=\"flex-basis:66.66%\">\n<p>Cr\u00e9\u00e9e en&nbsp;<strong><mark style=\"background-color:rgba(0, 0, 0, 0)\" class=\"has-inline-color has-woostify-primary-color\">1872<\/mark><\/strong>, l\u2019association des anciens \u00e9l\u00e8ves du lyc\u00e9e Pierre de Fermat est r\u00e9gie par la loi de&nbsp;<mark style=\"background-color:rgba(0, 0, 0, 0)\" class=\"has-inline-color has-woostify-primary-color\"><strong>1901<\/strong>&nbsp;<\/mark>relative aux associations.<\/p>\n\n\n\n<p><strong><mark style=\"background-color:rgba(0, 0, 0, 0)\" class=\"has-inline-color has-woostify-primary-color\">D\u00e9clar\u00e9e d\u2019utilit\u00e9 publique&nbsp;en 1929<\/mark><\/strong>, elle est toujours rest\u00e9e fid\u00e8le \u00e0 son but g\u00e9n\u00e9ral tel qu\u2019il avait \u00e9t\u00e9 \u00e9nonc\u00e9 en<strong>&nbsp;<\/strong><mark style=\"background-color:rgba(0, 0, 0, 0)\" class=\"has-inline-color has-woostify-primary-color\"><strong>1872<\/strong>&nbsp;<\/mark>:<br>\u00ab&nbsp;<em>unir, par le lien de souvenirs communs et dans une pens\u00e9e de bienveillance r\u00e9ciproque, ceux qui ont grandi entre les murs de notre lyc\u00e9e de Toulouse, vivant de la m\u00eame vie, soutenus par les m\u00eames \u00e9tudes, fortifi\u00e9s par la m\u00eame culture d\u2019esprit, nourris des m\u00eames id\u00e9es et des m\u00eames sentiments.<\/em>&nbsp;\u00bb<\/p>\n<\/div>\n<\/div>\n\n\n\n<p>Le premier \u00e9tablissement scolaire est fond\u00e9 en&nbsp;<mark style=\"background-color:rgba(0, 0, 0, 0)\" class=\"has-inline-color has-woostify-primary-color\"><strong>1567&nbsp;<\/strong><\/mark>dans l\u2019une des plus belles constructions de Toulouse, l\u2019h\u00f4tel de&nbsp;<strong><mark style=\"background-color:rgba(0, 0, 0, 0)\" class=\"has-inline-color has-woostify-primary-color\">BERNUY<\/mark><\/strong>, puis les j\u00e9suites \u00e9tendent les b\u00e2timents le long des actuelles rues Gambetta, Malbec et Lakanal.&nbsp;En&nbsp;<strong><mark style=\"background-color:rgba(0, 0, 0, 0)\" class=\"has-inline-color has-woostify-primary-color\">1810<\/mark><\/strong>, le 16\u00e8me r\u00e9giment d\u2019artillerie transforme les Jacobins en caserne, d\u00e9truisant deux c\u00f4t\u00e9s du clo\u00eetre et am\u00e9nageant l\u2019\u00e9glise en trois niveaux : l\u2019\u00e9curie, les dortoirs et le grenier \u00e0 fourrage.<\/p>\n\n\n\n<p>Fort heureusement en 1854<strong>,<\/strong>&nbsp;la ville r\u00e9ussit \u00e0 reprendre les Jacobins pour attribuer la jouissance de tout l\u2019ensemble conventuel au Lyc\u00e9e en&nbsp;<strong><mark style=\"background-color:rgba(0, 0, 0, 0)\" class=\"has-inline-color has-woostify-primary-color\">1872<\/mark><\/strong>.<\/p>\n\n\n\n<p>Les nouveaux am\u00e9nagements, dont les r\u00e9fectoires et un gymnase, sont inaugur\u00e9s le 17 novembre&nbsp;<mark style=\"background-color:rgba(0, 0, 0, 0)\" class=\"has-inline-color has-woostify-primary-color\"><strong>1892<\/strong>&nbsp;<\/mark>en pr\u00e9sence de&nbsp;<strong><mark style=\"background-color:rgba(0, 0, 0, 0)\" class=\"has-inline-color has-woostify-primary-color\">Jean Jaur\u00e8s<\/mark><\/strong>&nbsp;alors adjoint au maire de Toulouse. Il est \u00e0 noter qu\u2019\u00e0 cette \u00e9poque, la cour du clo\u00eetre est un lieu choisi pour les le\u00e7ons de gymnastique!<\/p>\n\n\n\n<p>En&nbsp;<strong><mark style=\"background-color:rgba(0, 0, 0, 0)\" class=\"has-inline-color has-woostify-primary-color\">1894<\/mark><\/strong>, un banquier, grand homme d\u2019affaires et pr\u00e9sident de la Chambre de Commerce de Toulouse,&nbsp;<strong><mark style=\"background-color:rgba(0, 0, 0, 0)\" class=\"has-inline-color has-woostify-primary-color\">Th\u00e9odore Fulgence Ozenne<\/mark><\/strong>&nbsp;l\u00e8gue au Lyc\u00e9e le ch\u00e2teau et le parc de Bellevue qui devient un lieu d\u2019activit\u00e9s de plein air pour les \u00e9l\u00e8ves.<\/p>\n\n\n\n<p>A partir de&nbsp;<strong><mark style=\"background-color:rgba(0, 0, 0, 0)\" class=\"has-inline-color has-woostify-primary-color\">1946<\/mark><\/strong>, les locaux du Lyc\u00e9e sont trop petits pour faire face \u00e0 la croissance des effectifs et un premier enseignement commence \u00e0 Bellevue qui sera un \u00e9tablissement pilote mixte \u00e0 partir de&nbsp;<mark style=\"background-color:rgba(0, 0, 0, 0)\" class=\"has-inline-color has-woostify-primary-color\"><strong>1952<\/strong>&nbsp;<\/mark>et devient autonome en&nbsp;<mark style=\"background-color:rgba(0, 0, 0, 0)\" class=\"has-inline-color has-woostify-primary-color\"><strong>1955<\/strong>&nbsp;<\/mark>tandis qu\u2019une annexe de Pierre de Fermat est cr\u00e9\u00e9e sur la rive gauche de Toulouse, \u00e0 St Cyprien en&nbsp;<strong><mark style=\"background-color:rgba(0, 0, 0, 0)\" class=\"has-inline-color has-woostify-primary-color\">1957<\/mark><\/strong>&nbsp;(l\u2019actuel coll\u00e8ge&nbsp;<strong><mark style=\"background-color:rgba(0, 0, 0, 0)\" class=\"has-inline-color has-woostify-primary-color\">Cl\u00e9mence Isaure<\/mark><\/strong>).<\/p>\n\n\n\n<p>Les grands travaux men\u00e9s par M.&nbsp;<strong><mark style=\"background-color:rgba(0, 0, 0, 0)\" class=\"has-inline-color has-woostify-primary-color\">Stym Popper<\/mark><\/strong>&nbsp;de&nbsp;<mark style=\"background-color:rgba(0, 0, 0, 0)\" class=\"has-inline-color has-woostify-primary-color\"><strong>1959<\/strong>&nbsp;<\/mark>\u00e0&nbsp;<mark style=\"background-color:rgba(0, 0, 0, 0)\" class=\"has-inline-color has-woostify-primary-color\"><strong>1964<\/strong>&nbsp;<\/mark>devaient donner au Lyc\u00e9e sa physionomie actuelle avec notamment la construction de l\u2019internat, du b\u00e2timent de l\u2019administration et surtout l\u2019am\u00e9nagement du Parvis devant la fa\u00e7ade des Jacobins enfin d\u00e9gag\u00e9e.<\/p>\n\n\n\n<p>Alors que les familles conservatrices toulousaines souhaitent un enseignement dispens\u00e9 par des eccl\u00e9siastiques, le lyc\u00e9e donne le ton d\u00e8s 1796 avec une orientation tr\u00e8s la\u00efque et une large place laiss\u00e9e aux pr\u00e9occupations civiques (De Picot de Lapeyrouse y enseignait avant de devenir maire de Toulouse et de revendiquer pour sa ville la cr\u00e9ation d\u2019un Lyc\u00e9e imp\u00e9rial).<\/p>\n\n\n\n<p>Cette la\u00efcit\u00e9, qui parfois cohabite avec une discipline tr\u00e8s militaire, marquera toujours le Lyc\u00e9e qui favorisera les id\u00e9es lib\u00e9rales et \u00e9voluera lentement mais s\u00fbrement vers une totale ind\u00e9pendance vis-\u00e0-vis de l\u2019\u00e9glise (m\u00eame si, ponctuellement, un proviseur eccl\u00e9siastique est nomm\u00e9 pour tenter de ralentir le d\u00e9part des \u00ab fils de bonne famille \u00bb vers l\u2019enseignement priv\u00e9 catholique).<\/p>\n\n\n\n<p><strong><mark style=\"background-color:rgba(0, 0, 0, 0)\" class=\"has-inline-color has-woostify-primary-color\">Pendant plus de quatre si\u00e8cles<\/mark><\/strong>, ce qui devait devenir le&nbsp;<mark style=\"background-color:rgba(0, 0, 0, 0)\" class=\"has-inline-color has-woostify-primary-color\"><strong>Coll\u00e8ge<\/strong>&nbsp;<\/mark>et le&nbsp;<mark style=\"background-color:rgba(0, 0, 0, 0)\" class=\"has-inline-color has-woostify-primary-color\"><strong>Lyc\u00e9e<\/strong>&nbsp;<\/mark>Pierre de Fermat passa, au gr\u00e9 des diff\u00e9rents r\u00e9gimes, de l\u2019appellation de Coll\u00e8ge \u00e0 celle de Lyc\u00e9e.<br><br>Au 16\u00e8me si\u00e8cle c\u2019est un Coll\u00e8ge J\u00e9suite qui est cr\u00e9\u00e9 en 1567 dans le magnifique h\u00f4tel de BERNUY; c\u2019est le 5\u00e8me ou le 6\u00e8me Coll\u00e8ge j\u00e9suite en France (celui de Paris date de 1564 et prendra le nom de Louis Le Grand en 1680).<\/p>\n\n\n\n<p>Apr\u00e8s le d\u00e9part des j\u00e9suites en 1764, les&nbsp;<strong><mark style=\"background-color:rgba(0, 0, 0, 0)\" class=\"has-inline-color has-woostify-primary-color\">Capitouls&nbsp;<\/mark><\/strong>installent un Coll\u00e8ge Royal qui deviendra Coll\u00e8ge National \u00e0 la r\u00e9volution puis \u00c9cole Centrale de Haute-Garonne en 1794.<br><br>Suite au d\u00e9cret imp\u00e9rial de 1802, l\u2019\u00c9cole Nationale devient Lyc\u00e9e Imp\u00e9rial en 1806 avant de redevenir Coll\u00e8ge Royal en 1814. A la R\u00e9volution de 1848, on reviendra de fa\u00e7on d\u00e9finitive \u00e0 l\u2019appellation de Lyc\u00e9e. En&nbsp;<mark style=\"background-color:rgba(0, 0, 0, 0)\" class=\"has-inline-color has-woostify-primary-color\"><strong>1855<\/strong>&nbsp;<\/mark>est cr\u00e9\u00e9 le Petit Lyc\u00e9e pour les classes pr\u00e9c\u00e9dant la 6\u00e8me (ce petit Lyc\u00e9e sera ensuite remplac\u00e9 par l\u2019\u00c9cole LAKANAL) et apr\u00e8s 1968, le premier cycle, sous le nom de Coll\u00e8ge, se s\u00e9pare peu \u00e0 peu du Lyc\u00e9e pour s\u2019installer dans les b\u00e2timents les plus anciens; plus de quatre cents ans plus tard, l\u2019H\u00f4tel de BERNUY redevient un Coll\u00e8ge.<\/p>\n\n\n\n<div class=\"wp-block-columns is-layout-flex wp-container-core-columns-is-layout-9d6595d7 wp-block-columns-is-layout-flex\">\n<div class=\"wp-block-column is-layout-flow wp-block-column-is-layout-flow\" style=\"flex-basis:66.66%\">\n<p>Au cours des si\u00e8cles, les prestigieux \u00e9tablissements que sont le <strong><mark style=\"background-color:rgba(0, 0, 0, 0)\" class=\"has-inline-color has-woostify-primary-color\">Coll\u00e8ge et le Lyc\u00e9e Pierre de Fermat<\/mark><\/strong> n\u2019ont jamais failli aux traditions d\u2019excellence et d\u2019ouverture qui les caract\u00e9risent.<\/p>\n\n\n\n<p>Leur histoire est particuli\u00e8rement riche et passionnante.<\/p>\n\n\n\n<p>Le Lyc\u00e9e de Toulouse prend le nom de Lyc\u00e9e Pierre de Fermat par un arr\u00eat\u00e9 minist\u00e9riel en date du 15 janvier 1957.<\/p>\n<\/div>\n\n\n\n<div class=\"wp-block-column is-layout-flow wp-block-column-is-layout-flow\" style=\"flex-basis:33.33%\">\n<div class=\"wp-block-columns is-layout-flex wp-container-core-columns-is-layout-9d6595d7 wp-block-columns-is-layout-flex\">\n<div class=\"wp-block-column is-layout-flow wp-block-column-is-layout-flow\">\n<figure class=\"wp-block-image size-full is-resized\"><img loading=\"lazy\" decoding=\"async\" width=\"120\" height=\"104\" src=\"https:\/\/anciens-fermat.fr\/wp-content\/uploads\/2024\/07\/image-2.png\" alt=\"\" class=\"wp-image-260\" style=\"width:163px;height:auto\"\/><\/figure>\n<\/div>\n\n\n\n<div class=\"wp-block-column is-layout-flow wp-block-column-is-layout-flow\">\n<figure class=\"wp-block-image size-full is-resized\"><img loading=\"lazy\" decoding=\"async\" width=\"87\" height=\"122\" src=\"https:\/\/anciens-fermat.fr\/wp-content\/uploads\/2024\/07\/image.png\" alt=\"\" class=\"wp-image-258\" style=\"width:101px;height:auto\"\/><\/figure>\n<\/div>\n<\/div>\n<\/div>\n<\/div>\n\n\n\n<p>Depuis sa cr\u00e9ation, l\u2019association organise&nbsp;<strong><mark style=\"background-color:rgba(0, 0, 0, 0)\" class=\"has-inline-color has-woostify-primary-color\">des manifestations festives et culturelles<\/mark><\/strong>&nbsp;qui permettent aux anciens de se retrouver et d\u2019\u00e9changer.<\/p>\n\n\n\n<p><strong><mark style=\"background-color:rgba(0, 0, 0, 0)\" class=\"has-inline-color has-woostify-primary-color\">Le bal de charit\u00e9<\/mark><\/strong>&nbsp;qui, pour la premi\u00e8re fois, s\u2019est tenu en 1879 dans les salons de l\u2019h\u00f4tel Tivollier, \u00e9tait un v\u00e9ritable \u00e9v\u00e9nement de la saison mondaine toulousaine. Remplac\u00e9 apr\u00e8s la premi\u00e8re guerre par des&nbsp;<strong><mark style=\"background-color:rgba(0, 0, 0, 0)\" class=\"has-inline-color has-woostify-primary-color\">matin\u00e9es dansantes<\/mark><\/strong>, il reprend en 1952 pour devenir le bal des anciens \u00e9l\u00e8ves et des \u00e9l\u00e8ves des classes pr\u00e9paratoires. Ce bal a d\u2019ailleurs \u00e9t\u00e9 remis \u00e0 l\u2019ordre du jour (sous une forme tr\u00e8s actuelle) par des \u00e9l\u00e8ves de terminale qui ont organis\u00e9 un gala en mai 2004.<\/p>\n\n\n\n<p><strong><mark style=\"background-color:rgba(0, 0, 0, 0)\" class=\"has-inline-color has-woostify-primary-color\">Rallye-promenade, tournoi de p\u00e9tanque<\/mark><\/strong>&nbsp;et autres activit\u00e9s de plein air ont aussi toujours eu beaucoup de succ\u00e8s et pendant longtemps, le parc du ch\u00e2teau de Bellevue (l\u00e9gu\u00e9 par Ozenne au lyc\u00e9e en 1894) a donn\u00e9 \u00e0 ces activit\u00e9s un cadre id\u00e9al.<\/p>\n\n\n\n<p>Enfin, depuis 1967, l\u2019association, gr\u00e2ce au travail de sa commission culturelle, s\u2019attache \u00e0 animer un&nbsp;<strong><mark style=\"background-color:rgba(0, 0, 0, 0)\" class=\"has-inline-color has-woostify-primary-color\">programme d\u2019expositions et de conf\u00e9rences<\/mark><\/strong>&nbsp;sur des th\u00e8mes aussi vari\u00e9s que les arts plastiques, la R\u00e9sistance, la Garonne, les monuments de Toulouse\u2026<\/p>\n\n\n\n<p>Si toutes ces manifestations sont autant d\u2019espaces de rencontres pour les anciens \u00e9l\u00e8ves, elles t\u00e9moignent aussi parfaitement du&nbsp;<strong><mark style=\"background-color:rgba(0, 0, 0, 0)\" class=\"has-inline-color has-woostify-primary-color\">r\u00f4le de l\u2019association<\/mark><\/strong>&nbsp;dans la vie toulousaine.<\/p>\n\n\n\n<div class=\"wp-block-columns is-layout-flex wp-container-core-columns-is-layout-9d6595d7 wp-block-columns-is-layout-flex\">\n<div class=\"wp-block-column is-layout-flow wp-block-column-is-layout-flow\" style=\"flex-basis:66.66%\">\n<p>Comme cela a \u00e9t\u00e9 le cas d\u00e9but 2006 pour la section toulousaine, la section parisienne a \u00e9lu \u00e0 sa pr\u00e9sidence une femme : Elisabeth Raynaud &#8211; Micalet. L\u2019association des anciens de Fermat se f\u00e9minise\u2026 un signe des temps ??<\/p>\n\n\n\n<p>Cr\u00e9\u00e9e en 1948, la section parisienne accueille tous les anciens qui s\u2019installent \u00e0 Paris avec toujours la m\u00eame tradition de convivialit\u00e9 et d\u2019entraide. Un banquet annuel a traditionnellement lieu en avril\/mai \u00e0 l\u2019\u00c9cole Alsacienne (apr\u00e8s s\u2019\u00eatre tenu jusqu\u2019en 1995 au lyc\u00e9e Henri IV) ; l\u2019occasion pour les \u00ab expatri\u00e9s \u00bb de d\u00e9guster un cassoulet toulousain. R\u00e9gie par les statuts de l\u2019association, la section parisienne n\u2019en a pas moins un bureau sp\u00e9cifique.<\/p>\n\n\n\n<p>Si vous souhaitez communiquer avec la section parisienne, vous pouvez envoyer un message \u00e0&nbsp;<a href=\"mailto:anciens.fermat@gmail.com\">anciens.fermat@gmail.com<\/a><\/p>\n<\/div>\n\n\n\n<div class=\"wp-block-column is-layout-flow wp-block-column-is-layout-flow\" style=\"flex-basis:33.33%\">\n<figure class=\"wp-block-image size-large\"><img loading=\"lazy\" decoding=\"async\" width=\"768\" height=\"1024\" src=\"https:\/\/anciens-fermat.fr\/wp-content\/uploads\/2024\/07\/P1070151-1-768x1024.jpg\" alt=\"\" class=\"wp-image-261\" srcset=\"https:\/\/anciens-fermat.fr\/wp-content\/uploads\/2024\/07\/P1070151-1-768x1024.jpg 768w, https:\/\/anciens-fermat.fr\/wp-content\/uploads\/2024\/07\/P1070151-1-225x300.jpg 225w, https:\/\/anciens-fermat.fr\/wp-content\/uploads\/2024\/07\/P1070151-1-1152x1536.jpg 1152w, https:\/\/anciens-fermat.fr\/wp-content\/uploads\/2024\/07\/P1070151-1-1536x2048.jpg 1536w, https:\/\/anciens-fermat.fr\/wp-content\/uploads\/2024\/07\/P1070151-1-128x171.jpg 128w, https:\/\/anciens-fermat.fr\/wp-content\/uploads\/2024\/07\/P1070151-1-scaled.jpg 1920w\" sizes=\"auto, (max-width: 768px) 100vw, 768px\" \/><\/figure>\n<\/div>\n<\/div>\n\n\n\n<p>Fid\u00e8le aux buts d\u00e9finis dans ses statuts,&nbsp;<strong><mark style=\"background-color:rgba(0, 0, 0, 0)\" class=\"has-inline-color has-woostify-primary-color\">l\u2019association travaille aux c\u00f4t\u00e9s de l\u2019administration du lyc\u00e9e pour aider \u00e0 la r\u00e9ussite et au bien-\u00eatre des \u00e9l\u00e8ves<\/mark><\/strong>.<\/p>\n\n\n\n<p>Ainsi, au d\u00e9but du si\u00e8cle, une bourse annuelle \u00e9tait attribu\u00e9e \u00e0 un \u00e9l\u00e8ve pour faire un voyage \u00e0 l\u2019\u00e9tranger, puis, dans les ann\u00e9es 50, l\u2019association accompagnait des \u00e9l\u00e8ves de seconde \u00e0 Paris et des \u00e9l\u00e8ves de troisi\u00e8me \u00e0 la d\u00e9couverte d\u2019un d\u00e9partement voisin, tandis que d\u2019autres dons vont \u00e0 la biblioth\u00e8que, \u00e0 la \u00ab Violette \u00bb (l\u2019\u00e9quipe sportive du lyc\u00e9e) ou au centre de vacances. C\u2019est aussi \u00e0 cette \u00e9poque, en 1957, que le proviseur Lam\u00e9nardie permet \u00e0 l\u2019association de transf\u00e9rer ses bureaux administratifs au lyc\u00e9e.<\/p>\n\n\n\n<p>Apr\u00e8s la place du Capitole et la rue du Taur, l\u2019adresse de l\u2019association devient \u00ab 1, rue Gambetta \u00bb puis sera \u00ab Parvis des Jacobins \u00bb. C\u2019est \u00e0 la bienveillance d\u2019un autre proviseur, le proviseur Ogereau, en 1897, que nous devons la salle des Actes, une salle au c\u0153ur de l\u2019actuel coll\u00e8ge o\u00f9, depuis 1901, l\u2019association tient ses assembl\u00e9es g\u00e9n\u00e9rales et conserve ses archives.<\/p>\n\n\n\n<p>Enfin, c\u2019est la commission des manifestations ext\u00e9rieures de l\u2019association qui organisa les 2 et 3 f\u00e9vrier 1907 les f\u00eates du centenaire du Lyc\u00e9e (on notera que d\u00e8s le d\u00e9but du XX\u00e8me si\u00e8cle des commissions \u00e9taient d\u00e9j\u00e0 \u00e0 l\u2019\u0153uvre avec en plus de la commission des relations ext\u00e9rieures, la commission dite d\u2019appui moral et celle dite d\u2019enqu\u00eates).<\/p>\n\n\n\n<div class=\"wp-block-columns is-layout-flex wp-container-core-columns-is-layout-9d6595d7 wp-block-columns-is-layout-flex\">\n<div class=\"wp-block-column is-layout-flow wp-block-column-is-layout-flow\" style=\"flex-basis:66.66%\"><div class=\"wp-block-image\">\n<figure class=\"aligncenter size-full\"><img loading=\"lazy\" decoding=\"async\" width=\"120\" height=\"172\" src=\"https:\/\/anciens-fermat.fr\/wp-content\/uploads\/2024\/07\/image-3.png\" alt=\"\" class=\"wp-image-262\"\/><\/figure>\n<\/div>\n\n\n<p>Il existe une m\u00e9moire de l\u2019association des anciens de Fermat : c\u2019est le bulletin d\u2019information qui retrace son histoire depuis&nbsp;<strong>1875<\/strong>.<\/p>\n\n\n\n<p>D\u2019abord annuel, il devient trimestriel \u00e0 partir de&nbsp;<strong>1920<\/strong>&nbsp;et prend le nom&nbsp;<strong>ALTIER<\/strong>&nbsp;&#8211;&nbsp;<strong>Anciens du Lyc\u00e9e de Toulouse Internes et Externes R\u00e9unis<\/strong>&nbsp; \u2013 au premier trimestre&nbsp;<strong>1958<\/strong>&nbsp;avec une nouvelle maquette et surtout une couverture qui, jusqu\u2019en&nbsp;<strong>1963<\/strong>, reprendra des photos d\u2019un c\u00e9l\u00e8bre ancien&nbsp;&nbsp;<strong>Jean DIEUZAIDE<\/strong>.<\/p>\n\n\n\n<p><strong>1987<\/strong>&nbsp;marque un nouveau tournant pour l\u2019ALTIER qui s\u2019enrichit de plus en plus d\u2019articles g\u00e9n\u00e9raux faisant de ce bulletin non seulement le t\u00e9moin de l\u2019association mais aussi celui de son temps.<\/p>\n<\/div>\n\n\n\n<div class=\"wp-block-column is-layout-flow wp-block-column-is-layout-flow\" style=\"flex-basis:33.33%\">\n<figure class=\"wp-block-image size-full\"><img loading=\"lazy\" decoding=\"async\" width=\"500\" height=\"651\" src=\"https:\/\/anciens-fermat.fr\/wp-content\/uploads\/2024\/07\/image-4.png\" alt=\"\" class=\"wp-image-263\" srcset=\"https:\/\/anciens-fermat.fr\/wp-content\/uploads\/2024\/07\/image-4.png 500w, https:\/\/anciens-fermat.fr\/wp-content\/uploads\/2024\/07\/image-4-230x300.png 230w, https:\/\/anciens-fermat.fr\/wp-content\/uploads\/2024\/07\/image-4-128x167.png 128w\" sizes=\"auto, (max-width: 500px) 100vw, 500px\" \/><\/figure>\n\n\n\n<figure class=\"wp-block-image size-full\"><img loading=\"lazy\" decoding=\"async\" width=\"471\" height=\"670\" src=\"https:\/\/anciens-fermat.fr\/wp-content\/uploads\/2024\/07\/image-5.png\" alt=\"\" class=\"wp-image-264\" srcset=\"https:\/\/anciens-fermat.fr\/wp-content\/uploads\/2024\/07\/image-5.png 471w, https:\/\/anciens-fermat.fr\/wp-content\/uploads\/2024\/07\/image-5-211x300.png 211w, https:\/\/anciens-fermat.fr\/wp-content\/uploads\/2024\/07\/image-5-128x182.png 128w\" sizes=\"auto, (max-width: 471px) 100vw, 471px\" \/><\/figure>\n<\/div>\n<\/div>\n\n\n\n<p><strong><mark style=\"background-color:rgba(0, 0, 0, 0)\" class=\"has-inline-color has-woostify-primary-color\">La remise de prix aux \u00e9l\u00e8ves et le banquet sont deux traditions embl\u00e9matiques de l\u2019association<\/mark><\/strong>.<\/p>\n\n\n\n<p>Le 1er f\u00e9vrier 1875 a donc lieu le premier banquet \u00e0 l\u2019h\u00f4tel Souville, place du Capitole.<br>Ce banquet r\u00e9unissait 72 anciens \u00e9l\u00e8ves autour du pr\u00e9sident Guiraud et ainsi que le relate Louis Braud, r\u00e9dacteur en chef de la D\u00e9p\u00eache, la magistrature, l\u2019arm\u00e9e, l\u2019universit\u00e9, les sciences, la litt\u00e9rature et l\u2019industrie \u00e9taient repr\u00e9sent\u00e9es, t\u00e9moignant d\u00e9j\u00e0 de la richesse et de la diversit\u00e9 de l\u2019association.<br>Ce grand rendez-vous, interrompu par deux guerres mondiales, r\u00e9unit encore aujourd\u2019hui les membres de l\u2019association tous les ans apr\u00e8s l\u2019assembl\u00e9e g\u00e9n\u00e9rale de mi-d\u00e9cembre, en un lieu cher au c\u0153ur des anciens \u00e9l\u00e8ves : le r\u00e9fectoire du lyc\u00e9e.<\/p>\n\n\n\n<p>Tout au long de son histoire, l\u2019association a activement particip\u00e9 \u00e0 la c\u00e9r\u00e9monie de remise des prix aux \u00e9l\u00e8ves m\u00e9ritants et aujourd\u2019hui, le prix&nbsp;<strong><mark style=\"background-color:rgba(0, 0, 0, 0)\" class=\"has-inline-color has-woostify-primary-color\">Guy Crouzillac<\/mark><\/strong>&nbsp;r\u00e9compense par l\u2019attribution d\u2019une bourse, un projet d\u2019\u00e9l\u00e8ves du coll\u00e8ge et du lyc\u00e9e, perp\u00e9tuant ainsi cette belle tradition.<\/p>\n\n\n\n<div class=\"wp-block-columns is-layout-flex wp-container-core-columns-is-layout-9d6595d7 wp-block-columns-is-layout-flex\">\n<div class=\"wp-block-column is-layout-flow wp-block-column-is-layout-flow\"><div class=\"wp-block-image\">\n<figure class=\"aligncenter size-full\"><img loading=\"lazy\" decoding=\"async\" width=\"120\" height=\"80\" src=\"https:\/\/anciens-fermat.fr\/wp-content\/uploads\/2024\/07\/image-6.png\" alt=\"\" class=\"wp-image-265\"\/><\/figure>\n<\/div>\n\n\n<p>L\u2019association des anciens de Fermat a toujours entretenu de solides liens d\u2019amiti\u00e9 avec les associations d\u2019anciens des autres lyc\u00e9es toulousains.<\/p>\n\n\n\n<p>On citera notamment le Lyc\u00e9e St Sernin qui fut pendant longtemps l\u2019\u00e9quivalent f\u00e9minin de notre lyc\u00e9e exclusivement masculin ou bien entendu le lyc\u00e9e Bellevue qui devint autonome en 1955 et cr\u00e9a son association d\u2019anciens \u00e9l\u00e8ves en 1970. Enfin, la&nbsp; section parisienne fond\u00e9e en 1948 permet \u00e0 l\u2019association d\u2019entretenir de bonnes relations avec ses homologues parisiens.<\/p>\n<\/div>\n\n\n\n<div class=\"wp-block-column is-layout-flow wp-block-column-is-layout-flow\"><div class=\"wp-block-image\">\n<figure class=\"aligncenter size-full\"><img loading=\"lazy\" decoding=\"async\" width=\"120\" height=\"76\" src=\"https:\/\/anciens-fermat.fr\/wp-content\/uploads\/2024\/07\/image-7.png\" alt=\"\" class=\"wp-image-266\"\/><\/figure>\n<\/div>\n\n\n<p>D\u00e8s sa cr\u00e9ation en&nbsp;<strong><mark style=\"background-color:rgba(0, 0, 0, 0)\" class=\"has-inline-color has-woostify-primary-color\">1872<\/mark><\/strong>, l\u2019association des anciens \u00e9l\u00e8ves du lyc\u00e9e de Toulouse \u2013 qui deviendra l\u2019association des anciens \u00e9l\u00e8ves du lyc\u00e9e Pierre de Fermat lorsque le lyc\u00e9e fut ainsi baptis\u00e9 en 1957 \u2013 prend le rythme d\u2019une vie associative particuli\u00e8rement riche; les premiers prix aux \u00e9l\u00e8ves m\u00e9ritants sont en effet remis en 1873 et le premier banquet est organis\u00e9 d\u00e9s 1875.<\/p>\n<\/div>\n<\/div>\n\n\n<div class=\"wp-block-image\">\n<figure class=\"aligncenter size-full\"><img loading=\"lazy\" decoding=\"async\" width=\"120\" height=\"109\" src=\"https:\/\/anciens-fermat.fr\/wp-content\/uploads\/2024\/07\/image-8.png\" alt=\"\" class=\"wp-image-267\"\/><\/figure>\n<\/div>\n\n\n<p>Conform\u00e9ment \u00e0 ses statuts, l\u2019association est administr\u00e9e par un conseil compos\u00e9 de 32 membres&nbsp;<strong><mark style=\"background-color:rgba(0, 0, 0, 0)\" class=\"has-inline-color has-woostify-primary-color\">\u00e9lus pour quatre ans<\/mark><\/strong>&nbsp;par l\u2019assembl\u00e9e g\u00e9n\u00e9rale qui se tient traditionnellement mi-d\u00e9cembre. Le renouvellement du conseil a lieu par quart chaque ann\u00e9e.<br>Le conseil choisit parmi ses membres un bureau compos\u00e9 d\u2019un pr\u00e9sident, d\u2019un vice-pr\u00e9sident, d\u2019un secr\u00e9taire, d\u2019un secr\u00e9taire adjoint, d\u2019un tr\u00e9sorier et d\u2019un questeur.<\/p>\n\n\n\n<p>Le bureau est \u00e9lu pour un an. Le conseil se r\u00e9unit une fois par mois afin de prendre toutes les d\u00e9cisions relatives \u00e0 la vie de l\u2019association dont les principales activit\u00e9s sont anim\u00e9es par des commissions. Ainsi, une commission s\u2019occupe de l\u2019\u00e9dition du bulletin de l\u2019association,&nbsp;<strong><mark style=\"background-color:rgba(0, 0, 0, 0)\" class=\"has-inline-color has-woostify-primary-color\">l\u2019ALTIER<\/mark><\/strong>, une autre de la mise \u00e0 jour de ce site, une autre \u2013 la commission culturelle \u2013 de l\u2019organisation de manifestations telles que des expositions ou des conf\u00e9rences\u2026<\/p>\n\n\n\n<p><strong><mark style=\"background-color:rgba(0, 0, 0, 0)\" class=\"has-inline-color has-woostify-primary-color\">Toute nouvelle activit\u00e9 de l\u2019association peut motiver la cr\u00e9ation d\u2019une commission sp\u00e9cifique.<\/mark><\/strong><\/p>\n\n\n\n<p>L\u2019association des anciens de Fermat existe depuis plus de 130 ans gr\u00e2ce au soutien des anciens \u00e9l\u00e8ves, un soutien qui permet chaque ann\u00e9e, non seulement d\u2019animer la vie de l\u2019association, mais aussi d\u2019\u00e9diter l\u2019ALTIER, le bulletin, pr\u00e9cieux t\u00e9moignage de cette vie associative et de ceux qui y participent.<\/p>\n\n\n\n<p>En adh\u00e9rant \u00e0 l\u2019association des anciens et anciennes \u00e9l\u00e8ves du coll\u00e8ge et du lyc\u00e9e Pierre de Fermat, vous b\u00e9n\u00e9ficiez de nombreux avantages :<\/p>\n\n\n\n<ul class=\"wp-block-list\">\n<li>Acc\u00e9der \u00e0 l\u2019espace adh\u00e9rent de ce site avec notamment l\u2019annuaire en ligne actualis\u00e9 \u00e0 chaque nouvelle adh\u00e9sion,<\/li>\n\n\n\n<li>Recevoir l\u2019ALTIER, le bulletin de l\u2019association,<\/li>\n\n\n\n<li>Participer \u00e0 l\u2019assembl\u00e9e g\u00e9n\u00e9rale et prendre part aux grandes d\u00e9cisions concernant l\u2019association gr\u00e2ce \u00e0 votre droit de vote,<\/li>\n\n\n\n<li>Pouvoir vous joindre au grand banquet annuel<\/li>\n\n\n\n<li>\u00catre \u00e9ligible au conseil d\u2019administration pour animer la vie de l\u2019association,<\/li>\n\n\n\n<li>\u00catre inform\u00e9 en avant-premi\u00e8re de toutes les manifestations organis\u00e9es par l\u2019association.<\/li>\n<\/ul>\n\n\n\n<p>Montant de la cotisation annuelle 2025 : 38 euros. (Vous pouvez aussi adh\u00e9rer \u00e0 l\u2019association avec une cotisation de soutien sup\u00e9rieure \u00e0 38 euros et sans limite, vos dons ouvrant droit \u00e0 r\u00e9duction d&#8217;imp\u00f4ts sur les revenus \u00e0 hauteur de 66%. Montant de la cotisation annuelle \u00ab sp\u00e9cial jeune \u00bb (si vous avez moins de 25 ans) : 19 euros.<\/p>\n\n\n\n<p>Nota : pour \u00eatre adh\u00e9rent, il faut bien entendu avoir pass\u00e9 une partie de sa scolarit\u00e9 \u00e0 Fermat (coll\u00e8ge et\/ou lyc\u00e9e et\/ou classe pr\u00e9paratoire)<\/p>\n\n\n\n<p>Pour adh\u00e9rer, rien de plus simple, il vous suffit d\u2019imprimer le bulletin d\u2019adh\u00e9sion ci-joint, de le compl\u00e9ter et de l\u2019envoyer accompagn\u00e9 de votre ch\u00e8que \u00e0 : Pierre FRAYSSE Tr\u00e9sorier de l&#8217;Association des anciens \u00e9l\u00e8ves du lyc\u00e9e Pierre de Fermat 7 impasse Gabriel VOISIN 31130 BALMA<\/p>","protected":false},"excerpt":{"rendered":"<p>Cr\u00e9\u00e9e en&nbsp;1872, l\u2019association des anciens \u00e9l\u00e8ves du lyc\u00e9e Pierre de Fermat est r\u00e9gie par la loi de&nbsp;1901&nbsp;relative aux associations. D\u00e9clar\u00e9e d\u2019utilit\u00e9 publique&nbsp;en 1929, elle est toujours rest\u00e9e fid\u00e8le \u00e0 son but g\u00e9n\u00e9ral&#8230;<\/p>","protected":false},"author":1,"featured_media":62,"parent":0,"menu_order":0,"comment_status":"closed","ping_status":"closed","template":"","meta":{"footnotes":""},"class_list":["post-61","page","type-page","status-publish","has-post-thumbnail","hentry"],"_links":{"self":[{"href":"https:\/\/anciens-fermat.fr\/en\/wp-json\/wp\/v2\/pages\/61","targetHints":{"allow":["GET"]}}],"collection":[{"href":"https:\/\/anciens-fermat.fr\/en\/wp-json\/wp\/v2\/pages"}],"about":[{"href":"https:\/\/anciens-fermat.fr\/en\/wp-json\/wp\/v2\/types\/page"}],"author":[{"embeddable":true,"href":"https:\/\/anciens-fermat.fr\/en\/wp-json\/wp\/v2\/users\/1"}],"replies":[{"embeddable":true,"href":"https:\/\/anciens-fermat.fr\/en\/wp-json\/wp\/v2\/comments?post=61"}],"version-history":[{"count":4,"href":"https:\/\/anciens-fermat.fr\/en\/wp-json\/wp\/v2\/pages\/61\/revisions"}],"predecessor-version":[{"id":790,"href":"https:\/\/anciens-fermat.fr\/en\/wp-json\/wp\/v2\/pages\/61\/revisions\/790"}],"wp:featuredmedia":[{"embeddable":true,"href":"https:\/\/anciens-fermat.fr\/en\/wp-json\/wp\/v2\/media\/62"}],"wp:attachment":[{"href":"https:\/\/anciens-fermat.fr\/en\/wp-json\/wp\/v2\/media?parent=61"}],"curies":[{"name":"wp","href":"https:\/\/api.w.org\/{rel}","templated":true}]}}