{"id":48,"date":"2024-06-09T15:10:11","date_gmt":"2024-06-09T13:10:11","guid":{"rendered":"https:\/\/anciens-fermat.fr\/?page_id=48"},"modified":"2024-06-09T15:10:12","modified_gmt":"2024-06-09T13:10:12","slug":"des-murs-charges-dhistoire","status":"publish","type":"page","link":"https:\/\/anciens-fermat.fr\/en\/des-murs-charges-dhistoire\/","title":{"rendered":"Des murs charg\u00e9s d&#8217;histoire"},"content":{"rendered":"<p>Le premier \u00e9tablissement scolaire est fond\u00e9 en\u00a0<mark style=\"background-color:rgba(0, 0, 0, 0)\" class=\"has-inline-color has-woostify-primary-color\"><strong>1567<\/strong>\u00a0<\/mark>dans l\u2019une des plus belles constructions de Toulouse, l\u2019h\u00f4tel de\u00a0<strong>BERNUY<\/strong>, puis les j\u00e9suites \u00e9tendent les b\u00e2timents le long des actuelles rues Gambetta, Malbec et Lakanal.\u00a0<strong>En\u00a0<\/strong>1810, le 16\u00e8me r\u00e9giment d\u2019artillerie transforme les Jacobins en caserne, d\u00e9truisant deux c\u00f4t\u00e9s du clo\u00eetre et am\u00e9nageant l\u2019\u00e9glise en trois niveaux : l\u2019\u00e9curie, les dortoirs et le grenier \u00e0 fourrage.<\/p>\n\n\n\n<p>Fort heureusement en 1854<strong>,<\/strong>\u00a0la ville r\u00e9ussit \u00e0 reprendre les Jacobins pour attribuer la jouissance de tout l\u2019ensemble conventuel au Lyc\u00e9e en\u00a0<strong><mark style=\"background-color:rgba(0, 0, 0, 0)\" class=\"has-inline-color has-woostify-primary-color\">1872<\/mark><\/strong>.<\/p>\n\n\n\n<p>Les nouveaux am\u00e9nagements, dont les r\u00e9fectoires et un gymnase, sont inaugur\u00e9s le 17 novembre&nbsp;<strong>1892<\/strong>&nbsp;en pr\u00e9sence de&nbsp;<strong>Jean Jaur\u00e8s<\/strong>&nbsp;alors adjoint au maire de Toulouse. Il est \u00e0 noter qu\u2019\u00e0 cette \u00e9poque, la cour du clo\u00eetre est un lieu choisi pour les le\u00e7ons de gymnastique!<\/p>\n\n\n\n<p>En\u00a0<strong><mark style=\"background-color:rgba(0, 0, 0, 0)\" class=\"has-inline-color has-woostify-primary-color\">1894<\/mark><\/strong>, un banquier, grand homme d\u2019affaires et pr\u00e9sident de la Chambre de Commerce de Toulouse,\u00a0<strong><mark style=\"background-color:rgba(0, 0, 0, 0)\" class=\"has-inline-color has-woostify-primary-color\">Th\u00e9odore Fulgence Ozenne<\/mark><\/strong>\u00a0l\u00e8gue au Lyc\u00e9e le ch\u00e2teau et le parc de Bellevue qui devient un lieu d\u2019activit\u00e9s de plein air pour les \u00e9l\u00e8ves.<\/p>\n\n\n\n<p>A partir de\u00a0<strong>1946<\/strong>, les locaux du Lyc\u00e9e sont trop petits pour faire face \u00e0 la croissance des effectifs et un premier enseignement commence \u00e0 Bellevue qui sera un \u00e9tablissement pilote mixte \u00e0 partir de\u00a0<mark style=\"background-color:rgba(0, 0, 0, 0)\" class=\"has-inline-color has-woostify-primary-color\"><strong>1952<\/strong>\u00a0<\/mark>et devient autonome en\u00a0<strong><mark style=\"background-color:rgba(0, 0, 0, 0)\" class=\"has-inline-color has-woostify-primary-color\">1955<\/mark><\/strong>\u00a0tandis qu\u2019une annexe de Pierre de Fermat est cr\u00e9\u00e9e sur la rive gauche de Toulouse, \u00e0 St Cyprien en\u00a0<strong><mark style=\"background-color:rgba(0, 0, 0, 0)\" class=\"has-inline-color has-woostify-primary-color\">1957<\/mark><\/strong>\u00a0(l\u2019actuel coll\u00e8ge\u00a0<strong><mark style=\"background-color:rgba(0, 0, 0, 0)\" class=\"has-inline-color has-woostify-primary-color\">Cl\u00e9mence Isaure<\/mark><\/strong>).<\/p>\n\n\n\n<p>Les grands travaux men\u00e9s par M.\u00a0<strong><mark style=\"background-color:rgba(0, 0, 0, 0)\" class=\"has-inline-color has-woostify-primary-color\">Stym Popper<\/mark><\/strong>\u00a0de\u00a0<mark style=\"background-color:rgba(0, 0, 0, 0)\" class=\"has-inline-color has-woostify-primary-color\"><strong>1959<\/strong>\u00a0<\/mark>\u00e0\u00a0<mark style=\"background-color:rgba(0, 0, 0, 0)\" class=\"has-inline-color has-woostify-primary-color\"><strong>1964<\/strong>\u00a0<\/mark>devaient donner au Lyc\u00e9e sa physionomie actuelle avec notamment la construction de l\u2019internat, du b\u00e2timent de l\u2019administration et surtout l\u2019am\u00e9nagement du Parvis devant la fa\u00e7ade des Jacobins enfin d\u00e9gag\u00e9e.<\/p>","protected":false},"excerpt":{"rendered":"<p>Le premier \u00e9tablissement scolaire est fond\u00e9 en\u00a01567\u00a0dans l\u2019une des plus belles constructions de Toulouse, l\u2019h\u00f4tel de\u00a0BERNUY, puis les j\u00e9suites \u00e9tendent les b\u00e2timents le long des actuelles rues Gambetta, Malbec et Lakanal.\u00a0En\u00a01810, le&#8230;<\/p>","protected":false},"author":1,"featured_media":0,"parent":0,"menu_order":0,"comment_status":"closed","ping_status":"closed","template":"","meta":{"footnotes":""},"class_list":["post-48","page","type-page","status-publish","hentry"],"_links":{"self":[{"href":"https:\/\/anciens-fermat.fr\/en\/wp-json\/wp\/v2\/pages\/48","targetHints":{"allow":["GET"]}}],"collection":[{"href":"https:\/\/anciens-fermat.fr\/en\/wp-json\/wp\/v2\/pages"}],"about":[{"href":"https:\/\/anciens-fermat.fr\/en\/wp-json\/wp\/v2\/types\/page"}],"author":[{"embeddable":true,"href":"https:\/\/anciens-fermat.fr\/en\/wp-json\/wp\/v2\/users\/1"}],"replies":[{"embeddable":true,"href":"https:\/\/anciens-fermat.fr\/en\/wp-json\/wp\/v2\/comments?post=48"}],"version-history":[{"count":1,"href":"https:\/\/anciens-fermat.fr\/en\/wp-json\/wp\/v2\/pages\/48\/revisions"}],"predecessor-version":[{"id":49,"href":"https:\/\/anciens-fermat.fr\/en\/wp-json\/wp\/v2\/pages\/48\/revisions\/49"}],"wp:attachment":[{"href":"https:\/\/anciens-fermat.fr\/en\/wp-json\/wp\/v2\/media?parent=48"}],"curies":[{"name":"wp","href":"https:\/\/api.w.org\/{rel}","templated":true}]}}