{"id":46,"date":"2024-06-09T15:08:30","date_gmt":"2024-06-09T13:08:30","guid":{"rendered":"https:\/\/anciens-fermat.fr\/?page_id=46"},"modified":"2024-06-09T15:08:31","modified_gmt":"2024-06-09T13:08:31","slug":"pierre-de-fermat","status":"publish","type":"page","link":"https:\/\/anciens-fermat.fr\/en\/pierre-de-fermat\/","title":{"rendered":"Pierre de Fermat"},"content":{"rendered":"<p><strong><mark style=\"background-color:rgba(0, 0, 0, 0)\" class=\"has-inline-color has-woostify-primary-color\">Pendant plus de quatre si\u00e8cles<\/mark><\/strong>, ce qui devait devenir le\u00a0<mark style=\"background-color:rgba(0, 0, 0, 0)\" class=\"has-inline-color has-woostify-primary-color\"><strong>Coll\u00e8ge<\/strong>\u00a0<\/mark>et le\u00a0<mark style=\"background-color:rgba(0, 0, 0, 0)\" class=\"has-inline-color has-woostify-primary-color\"><strong>Lyc\u00e9e<\/strong>\u00a0<\/mark>Pierre de Fermat passa, au gr\u00e9 des diff\u00e9rents r\u00e9gimes, de l\u2019appellation de Coll\u00e8ge \u00e0 celle de Lyc\u00e9e.<\/p>\n\n\n\n<p>Au 16\u00e8me si\u00e8cle c\u2019est un Coll\u00e8ge J\u00e9suite qui est cr\u00e9\u00e9 en 1567 dans le magnifique h\u00f4tel de BERNUY; c\u2019est le 5\u00e8me ou le 6\u00e8me Coll\u00e8ge j\u00e9suite en France (celui de Paris date de 1564 et prendra le nom de Louis Le Grand en 1680).<\/p>\n\n\n\n<p>Apr\u00e8s le d\u00e9part des j\u00e9suites en 1764, les\u00a0<strong><mark style=\"background-color:rgba(0, 0, 0, 0)\" class=\"has-inline-color has-woostify-primary-color\">Capitouls\u00a0<\/mark><\/strong>installent un Coll\u00e8ge Royal qui deviendra Coll\u00e8ge National \u00e0 la r\u00e9volution puis \u00c9cole Centrale de Haute-Garonne en 1794.<\/p>\n\n\n\n<p>Suite au d\u00e9cret imp\u00e9rial de 1802, l\u2019\u00c9cole Nationale devient Lyc\u00e9e Imp\u00e9rial en 1806 avant de redevenir Coll\u00e8ge Royal en 1814. A la R\u00e9volution de 1848, on reviendra de fa\u00e7on d\u00e9finitive \u00e0 l\u2019appellation de Lyc\u00e9e. En\u00a0<mark style=\"background-color:rgba(0, 0, 0, 0)\" class=\"has-inline-color has-woostify-primary-color\"><strong>1855<\/strong>\u00a0<\/mark>est cr\u00e9\u00e9 le Petit Lyc\u00e9e pour les classes pr\u00e9c\u00e9dant la 6\u00e8me (ce petit Lyc\u00e9e sera ensuite remplac\u00e9 par l\u2019\u00c9cole LAKANAL) et apr\u00e8s 1968, le premier cycle, sous le nom de Coll\u00e8ge, se s\u00e9pare peu \u00e0 peu du Lyc\u00e9e pour s\u2019installer dans les b\u00e2timents les plus anciens; plus de quatre cents ans plus tard, l\u2019H\u00f4tel de BERNUY redevient un Coll\u00e8ge.<\/p>","protected":false},"excerpt":{"rendered":"<p>Pendant plus de quatre si\u00e8cles, ce qui devait devenir le\u00a0Coll\u00e8ge\u00a0et le\u00a0Lyc\u00e9e\u00a0Pierre de Fermat passa, au gr\u00e9 des diff\u00e9rents r\u00e9gimes, de l\u2019appellation de Coll\u00e8ge \u00e0 celle de Lyc\u00e9e. Au 16\u00e8me si\u00e8cle c\u2019est un&#8230;<\/p>","protected":false},"author":1,"featured_media":0,"parent":0,"menu_order":0,"comment_status":"closed","ping_status":"closed","template":"","meta":{"footnotes":""},"class_list":["post-46","page","type-page","status-publish","hentry"],"_links":{"self":[{"href":"https:\/\/anciens-fermat.fr\/en\/wp-json\/wp\/v2\/pages\/46","targetHints":{"allow":["GET"]}}],"collection":[{"href":"https:\/\/anciens-fermat.fr\/en\/wp-json\/wp\/v2\/pages"}],"about":[{"href":"https:\/\/anciens-fermat.fr\/en\/wp-json\/wp\/v2\/types\/page"}],"author":[{"embeddable":true,"href":"https:\/\/anciens-fermat.fr\/en\/wp-json\/wp\/v2\/users\/1"}],"replies":[{"embeddable":true,"href":"https:\/\/anciens-fermat.fr\/en\/wp-json\/wp\/v2\/comments?post=46"}],"version-history":[{"count":1,"href":"https:\/\/anciens-fermat.fr\/en\/wp-json\/wp\/v2\/pages\/46\/revisions"}],"predecessor-version":[{"id":47,"href":"https:\/\/anciens-fermat.fr\/en\/wp-json\/wp\/v2\/pages\/46\/revisions\/47"}],"wp:attachment":[{"href":"https:\/\/anciens-fermat.fr\/en\/wp-json\/wp\/v2\/media?parent=46"}],"curies":[{"name":"wp","href":"https:\/\/api.w.org\/{rel}","templated":true}]}}