{"id":10,"date":"2024-06-08T17:17:11","date_gmt":"2024-06-08T15:17:11","guid":{"rendered":"https:\/\/anciens-fermat.fr\/?page_id=10"},"modified":"2024-08-04T16:29:49","modified_gmt":"2024-08-04T14:29:49","slug":"actualites","status":"publish","type":"page","link":"https:\/\/anciens-fermat.fr\/en\/actualites\/","title":{"rendered":"Actualit\u00e9s"},"content":{"rendered":"<div class=\"wp-block-columns is-layout-flex wp-container-core-columns-is-layout-9d6595d7 wp-block-columns-is-layout-flex\">\n<div class=\"wp-block-column is-layout-flow wp-block-column-is-layout-flow\" style=\"flex-basis:66.66%\">\n<div class=\"wp-block-query is-layout-flow wp-block-query-is-layout-flow\"><ul class=\"wp-block-post-template is-layout-flow wp-block-post-template-is-layout-flow\"><li class=\"wp-block-post post-875 post type-post status-publish format-standard hentry category-reunions\">\n<h2 class=\"has-link-color wp-elements-83f1f74fe7189ab592675c8a7fc2cdcf wp-block-post-title has-text-color has-woostify-primary-color has-woostify-heading-4-font-size\"><a href=\"https:\/\/anciens-fermat.fr\/en\/2026\/03\/12\/conseil-dadministration-2\/\" target=\"_self\" >Conseil d&#8217;Administration<\/a><\/h2>\n\n\n<div class=\"wp-block-group is-nowrap is-layout-flex wp-container-core-group-is-layout-ad2f72ca wp-block-group-is-layout-flex\"><div class=\"has-link-color wp-elements-529e9049a5861d6fe1e9de3b47db13b8 wp-block-post-date has-text-color has-woostify-primary-color\"><time datetime=\"2026-03-12T17:14:40+01:00\"><a href=\"https:\/\/anciens-fermat.fr\/en\/2026\/03\/12\/conseil-dadministration-2\/\">12 March 2026<\/a><\/time><\/div>\n\n<div class=\"taxonomy-category has-link-color wp-elements-47f808759938ffc496c17aac205bdef8 wp-block-post-terms has-text-color has-woostify-primary-color\"><span class=\"wp-block-post-terms__prefix\">\u2014 <\/span><a href=\"https:\/\/anciens-fermat.fr\/en\/category\/reunions\/\" rel=\"tag\">R\u00e9unions<\/a><\/div><\/div>\n\n\n<div class=\"wp-block-post-excerpt\"><p class=\"wp-block-post-excerpt__excerpt\">Jeudi 19 mars 2026&nbsp;\u00e0 18h30en salle d&#8217;h\u00f4tes du Lyc\u00e9e, r\u00e9union suivie du repas en commun au restaurant \u201cAu Gascon\u201d9 rue des Jacobins &#8211; 31000 TOULOUSE &nbsp;&nbsp;&nbsp;&nbsp;&nbsp;&nbsp;&nbsp;&nbsp;&nbsp;&nbsp;&nbsp;&nbsp;&nbsp;&nbsp;&nbsp;&nbsp;&nbsp;&nbsp;&nbsp;&nbsp;&nbsp;&nbsp;&nbsp;&nbsp;&nbsp;&nbsp;&nbsp;&nbsp;&nbsp;&nbsp; &nbsp;&nbsp;&nbsp;&nbsp;&nbsp;&nbsp;&nbsp;&nbsp;&nbsp;&nbsp;&nbsp;&nbsp;&nbsp;&nbsp;&nbsp;&nbsp;&nbsp;&nbsp;&nbsp; ORDRE DU JOUR L\u2019ordre du&#8230; <\/p><\/div>\n<\/li><li class=\"wp-block-post post-847 post type-post status-publish format-standard hentry category-assemblees-generales category-banquets\">\n<h2 class=\"has-link-color wp-elements-83f1f74fe7189ab592675c8a7fc2cdcf wp-block-post-title has-text-color has-woostify-primary-color has-woostify-heading-4-font-size\"><a href=\"https:\/\/anciens-fermat.fr\/en\/2025\/11\/30\/assemblee-generale-et-banquet-dhiver\/\" target=\"_self\" >Assembl\u00e9e G\u00e9n\u00e9rale et Banquet d&#8217;Hiver<\/a><\/h2>\n\n\n<div class=\"wp-block-group is-nowrap is-layout-flex wp-container-core-group-is-layout-ad2f72ca wp-block-group-is-layout-flex\"><div class=\"has-link-color wp-elements-529e9049a5861d6fe1e9de3b47db13b8 wp-block-post-date has-text-color has-woostify-primary-color\"><time datetime=\"2025-11-30T17:21:58+01:00\"><a href=\"https:\/\/anciens-fermat.fr\/en\/2025\/11\/30\/assemblee-generale-et-banquet-dhiver\/\">30 November 2025<\/a><\/time><\/div>\n\n<div class=\"taxonomy-category has-link-color wp-elements-47f808759938ffc496c17aac205bdef8 wp-block-post-terms has-text-color has-woostify-primary-color\"><span class=\"wp-block-post-terms__prefix\">\u2014 <\/span><a href=\"https:\/\/anciens-fermat.fr\/en\/category\/assemblees-generales\/\" rel=\"tag\">Assembl\u00e9es g\u00e9n\u00e9rales<\/a><span class=\"wp-block-post-terms__separator\">, <\/span><a href=\"https:\/\/anciens-fermat.fr\/en\/category\/banquets\/\" rel=\"tag\">Banquets<\/a><\/div><\/div>\n\n\n<div class=\"wp-block-post-excerpt\"><p class=\"wp-block-post-excerpt__excerpt\">Cher(e) Camarade, Pour \u00e9viter la p\u00e9riode surcharg\u00e9e du mois de d\u00e9cembre et des f\u00eates de fin d\u2019ann\u00e9e, nous avons d\u00e9cid\u00e9 de reporter la date de notre Assembl\u00e9e G\u00e9n\u00e9rale&nbsp; et de notre traditionnel&#8230; <\/p><\/div>\n<\/li><li class=\"wp-block-post post-845 post type-post status-publish format-standard hentry category-non-classe category-reunions\">\n<h2 class=\"has-link-color wp-elements-83f1f74fe7189ab592675c8a7fc2cdcf wp-block-post-title has-text-color has-woostify-primary-color has-woostify-heading-4-font-size\"><a href=\"https:\/\/anciens-fermat.fr\/en\/2025\/11\/30\/conseil-dadministration\/\" target=\"_self\" >Conseil d&#8217;administration<\/a><\/h2>\n\n\n<div class=\"wp-block-group is-nowrap is-layout-flex wp-container-core-group-is-layout-ad2f72ca wp-block-group-is-layout-flex\"><div class=\"has-link-color wp-elements-529e9049a5861d6fe1e9de3b47db13b8 wp-block-post-date has-text-color has-woostify-primary-color\"><time datetime=\"2025-11-30T17:17:17+01:00\"><a href=\"https:\/\/anciens-fermat.fr\/en\/2025\/11\/30\/conseil-dadministration\/\">30 November 2025<\/a><\/time><\/div>\n\n<div class=\"taxonomy-category has-link-color wp-elements-47f808759938ffc496c17aac205bdef8 wp-block-post-terms has-text-color has-woostify-primary-color\"><span class=\"wp-block-post-terms__prefix\">\u2014 <\/span><a href=\"https:\/\/anciens-fermat.fr\/en\/category\/non-classe\/\" rel=\"tag\">Non class\u00e9<\/a><span class=\"wp-block-post-terms__separator\">, <\/span><a href=\"https:\/\/anciens-fermat.fr\/en\/category\/reunions\/\" rel=\"tag\">R\u00e9unions<\/a><\/div><\/div>\n\n\n<div class=\"wp-block-post-excerpt\"><p class=\"wp-block-post-excerpt__excerpt\">Le conseil aura lieu dans la salle des h\u00f4tes du Lyc\u00e9e, le mercredi 17 d\u00e9cembre \u00e0 18 h. L&#8217;ordre du jour sera publi\u00e9 rapidement. <\/p><\/div>\n<\/li><li class=\"wp-block-post post-842 post type-post status-publish format-standard hentry category-divers\">\n<h2 class=\"has-link-color wp-elements-83f1f74fe7189ab592675c8a7fc2cdcf wp-block-post-title has-text-color has-woostify-primary-color has-woostify-heading-4-font-size\"><a href=\"https:\/\/anciens-fermat.fr\/en\/2025\/11\/28\/vernissage-exposition-au-lycee\/\" target=\"_self\" >Vernissage Exposition au Lyc\u00e9e<\/a><\/h2>\n\n\n<div class=\"wp-block-group is-nowrap is-layout-flex wp-container-core-group-is-layout-ad2f72ca wp-block-group-is-layout-flex\"><div class=\"has-link-color wp-elements-529e9049a5861d6fe1e9de3b47db13b8 wp-block-post-date has-text-color has-woostify-primary-color\"><time datetime=\"2025-11-28T08:52:57+01:00\"><a href=\"https:\/\/anciens-fermat.fr\/en\/2025\/11\/28\/vernissage-exposition-au-lycee\/\">28 November 2025<\/a><\/time><\/div>\n\n<div class=\"taxonomy-category has-link-color wp-elements-47f808759938ffc496c17aac205bdef8 wp-block-post-terms has-text-color has-woostify-primary-color\"><span class=\"wp-block-post-terms__prefix\">\u2014 <\/span><a href=\"https:\/\/anciens-fermat.fr\/en\/category\/divers\/\" rel=\"tag\">Divers<\/a><\/div><\/div>\n\n\n<div class=\"wp-block-post-excerpt\"><p class=\"wp-block-post-excerpt__excerpt\"> <\/p><\/div>\n<\/li><li class=\"wp-block-post post-828 post type-post status-publish format-standard hentry category-divers\">\n<h2 class=\"has-link-color wp-elements-83f1f74fe7189ab592675c8a7fc2cdcf wp-block-post-title has-text-color has-woostify-primary-color has-woostify-heading-4-font-size\"><a href=\"https:\/\/anciens-fermat.fr\/en\/2025\/10\/16\/hommage-a-gaston-monnerville\/\" target=\"_self\" >Hommage \u00e0 Gaston MONNERVILLE<\/a><\/h2>\n\n\n<div class=\"wp-block-group is-nowrap is-layout-flex wp-container-core-group-is-layout-ad2f72ca wp-block-group-is-layout-flex\"><div class=\"has-link-color wp-elements-529e9049a5861d6fe1e9de3b47db13b8 wp-block-post-date has-text-color has-woostify-primary-color\"><time datetime=\"2025-10-16T00:06:32+02:00\"><a href=\"https:\/\/anciens-fermat.fr\/en\/2025\/10\/16\/hommage-a-gaston-monnerville\/\">16 October 2025<\/a><\/time><\/div>\n\n<div class=\"taxonomy-category has-link-color wp-elements-47f808759938ffc496c17aac205bdef8 wp-block-post-terms has-text-color has-woostify-primary-color\"><span class=\"wp-block-post-terms__prefix\">\u2014 <\/span><a href=\"https:\/\/anciens-fermat.fr\/en\/category\/divers\/\" rel=\"tag\">Divers<\/a><\/div><\/div>\n\n\n<div class=\"wp-block-post-excerpt\"><p class=\"wp-block-post-excerpt__excerpt\">\u00ab&nbsp;Gaston Monnerville &#8211; De Cayenne \u00e0 Toulouse&nbsp;\u00bb&nbsp;: Un \u00e9v\u00e8nement \u00e0 Toulouse pour c\u00e9l\u00e9brer la m\u00e9moire de cette grande figure de la R\u00e9publique et mieux faire conna\u00eetre son \u0153uvre et son engagement Port\u00e9e&#8230; <\/p><\/div>\n<\/li><li class=\"wp-block-post post-823 post type-post status-publish format-standard hentry category-non-classe category-reunions\">\n<h2 class=\"has-link-color wp-elements-83f1f74fe7189ab592675c8a7fc2cdcf wp-block-post-title has-text-color has-woostify-primary-color has-woostify-heading-4-font-size\"><a href=\"https:\/\/anciens-fermat.fr\/en\/2025\/09\/29\/conference-de-lou-giovannini\/\" target=\"_self\" >Conf\u00e9rence de Lou Giovannini<\/a><\/h2>\n\n\n<div class=\"wp-block-group is-nowrap is-layout-flex wp-container-core-group-is-layout-ad2f72ca wp-block-group-is-layout-flex\"><div class=\"has-link-color wp-elements-529e9049a5861d6fe1e9de3b47db13b8 wp-block-post-date has-text-color has-woostify-primary-color\"><time datetime=\"2025-09-29T09:58:06+02:00\"><a href=\"https:\/\/anciens-fermat.fr\/en\/2025\/09\/29\/conference-de-lou-giovannini\/\">29 September 2025<\/a><\/time><\/div>\n\n<div class=\"taxonomy-category has-link-color wp-elements-47f808759938ffc496c17aac205bdef8 wp-block-post-terms has-text-color has-woostify-primary-color\"><span class=\"wp-block-post-terms__prefix\">\u2014 <\/span><a href=\"https:\/\/anciens-fermat.fr\/en\/category\/non-classe\/\" rel=\"tag\">Non class\u00e9<\/a><span class=\"wp-block-post-terms__separator\">, <\/span><a href=\"https:\/\/anciens-fermat.fr\/en\/category\/reunions\/\" rel=\"tag\">R\u00e9unions<\/a><\/div><\/div>\n\n\n<div class=\"wp-block-post-excerpt\"><p class=\"wp-block-post-excerpt__excerpt\">Cette conf\u00e9rence se tiendra dans l&#8217;auditorium de l&#8217;\u00e9tablissement. Nous vous y attendons nombreux. CONF\u00c9RENCE AU LYC\u00c9E FERMAT Lou GIOVANNINI\u00c9tudiante en 4\u00e8me ann\u00e9e (M2) de Biologie \u00e0 l\u2019ENS-PSL, ancienne \u00e9l\u00e8ve de BCPST au&#8230; <\/p><\/div>\n<\/li><li class=\"wp-block-post post-817 post type-post status-publish format-standard hentry category-divers\">\n<h2 class=\"has-link-color wp-elements-83f1f74fe7189ab592675c8a7fc2cdcf wp-block-post-title has-text-color has-woostify-primary-color has-woostify-heading-4-font-size\"><a href=\"https:\/\/anciens-fermat.fr\/en\/2025\/08\/05\/deces-de-jean-leduc\/\" target=\"_self\" >D\u00e9c\u00e8s de Jean LEDUC<\/a><\/h2>\n\n\n<div class=\"wp-block-group is-nowrap is-layout-flex wp-container-core-group-is-layout-ad2f72ca wp-block-group-is-layout-flex\"><div class=\"has-link-color wp-elements-529e9049a5861d6fe1e9de3b47db13b8 wp-block-post-date has-text-color has-woostify-primary-color\"><time datetime=\"2025-08-05T11:26:30+02:00\"><a href=\"https:\/\/anciens-fermat.fr\/en\/2025\/08\/05\/deces-de-jean-leduc\/\">5 August 2025<\/a><\/time><\/div>\n\n<div class=\"taxonomy-category has-link-color wp-elements-47f808759938ffc496c17aac205bdef8 wp-block-post-terms has-text-color has-woostify-primary-color\"><span class=\"wp-block-post-terms__prefix\">\u2014 <\/span><a href=\"https:\/\/anciens-fermat.fr\/en\/category\/divers\/\" rel=\"tag\">Divers<\/a><\/div><\/div>\n\n\n<div class=\"wp-block-post-excerpt\"><p class=\"wp-block-post-excerpt__excerpt\">Notre ami Jean Leduc, ancien professeur d&#8217;histoire des classes pr\u00e9paratoires de Fermat\u00a0 et membre de l&#8217;\u00e9quipe de r\u00e9daction de notre livre du bicentenaire\u00a0 de Fermat (Le Lyc\u00e9e Pierre de Fermat 1806 &#8211;&#8230; <\/p><\/div>\n<\/li><li class=\"wp-block-post post-814 post type-post status-publish format-standard hentry category-non-classe\">\n<h2 class=\"has-link-color wp-elements-83f1f74fe7189ab592675c8a7fc2cdcf wp-block-post-title has-text-color has-woostify-primary-color has-woostify-heading-4-font-size\"><a href=\"https:\/\/anciens-fermat.fr\/en\/2025\/07\/07\/lexpedition-en-guadeloupe-touche-a-sa-fin\/\" target=\"_self\" >L\u2019exp\u00e9dition en Guadeloupe touche \u00e0 sa fin<\/a><\/h2>\n\n\n<div class=\"wp-block-group is-nowrap is-layout-flex wp-container-core-group-is-layout-ad2f72ca wp-block-group-is-layout-flex\"><div class=\"has-link-color wp-elements-529e9049a5861d6fe1e9de3b47db13b8 wp-block-post-date has-text-color has-woostify-primary-color\"><time datetime=\"2025-07-07T15:06:59+02:00\"><a href=\"https:\/\/anciens-fermat.fr\/en\/2025\/07\/07\/lexpedition-en-guadeloupe-touche-a-sa-fin\/\">7 July 2025<\/a><\/time><\/div>\n\n<div class=\"taxonomy-category has-link-color wp-elements-47f808759938ffc496c17aac205bdef8 wp-block-post-terms has-text-color has-woostify-primary-color\"><span class=\"wp-block-post-terms__prefix\">\u2014 <\/span><a href=\"https:\/\/anciens-fermat.fr\/en\/category\/non-classe\/\" rel=\"tag\">Non class\u00e9<\/a><\/div><\/div>\n\n\n<div class=\"wp-block-post-excerpt\"><p class=\"wp-block-post-excerpt__excerpt\">Apr\u00e8s quatre mois de travail dans les mangroves guadeloup\u00e9ennes, il est venu le temps de dire au revoir \u00e0 l\u2019archipel qui nous a si chaleureusement accueilli\u00b7e\u00b7s. \ud83c\udfdd\ufe0f Chercher des r\u00e9ponses dans la&#8230; <\/p><\/div>\n<\/li><li class=\"wp-block-post post-805 post type-post status-publish format-standard hentry category-banquets\">\n<h2 class=\"has-link-color wp-elements-83f1f74fe7189ab592675c8a7fc2cdcf wp-block-post-title has-text-color has-woostify-primary-color has-woostify-heading-4-font-size\"><a href=\"https:\/\/anciens-fermat.fr\/en\/2025\/05\/11\/banquet-dete-2025\/\" target=\"_self\" >Banquet d&#8217;\u00e9t\u00e9 2025<\/a><\/h2>\n\n\n<div class=\"wp-block-group is-nowrap is-layout-flex wp-container-core-group-is-layout-ad2f72ca wp-block-group-is-layout-flex\"><div class=\"has-link-color wp-elements-529e9049a5861d6fe1e9de3b47db13b8 wp-block-post-date has-text-color has-woostify-primary-color\"><time datetime=\"2025-05-11T18:16:48+02:00\"><a href=\"https:\/\/anciens-fermat.fr\/en\/2025\/05\/11\/banquet-dete-2025\/\">11 May 2025<\/a><\/time><\/div>\n\n<div class=\"taxonomy-category has-link-color wp-elements-47f808759938ffc496c17aac205bdef8 wp-block-post-terms has-text-color has-woostify-primary-color\"><span class=\"wp-block-post-terms__prefix\">\u2014 <\/span><a href=\"https:\/\/anciens-fermat.fr\/en\/category\/banquets\/\" rel=\"tag\">Banquets<\/a><\/div><\/div>\n\n\n<div class=\"wp-block-post-excerpt\"><p class=\"wp-block-post-excerpt__excerpt\">Le banquet d&#8217;\u00e9t\u00e9 aura lieu comme tous les ans dans le patio du lyc\u00e9e, le jeudi 19 juin \u00e0 partir de 19 heures.Le repas sera \u00e9labor\u00e9 par le personnel des cuisines du&#8230; <\/p><\/div>\n<\/li><li class=\"wp-block-post post-802 post type-post status-publish format-standard hentry category-divers\">\n<h2 class=\"has-link-color wp-elements-83f1f74fe7189ab592675c8a7fc2cdcf wp-block-post-title has-text-color has-woostify-primary-color has-woostify-heading-4-font-size\"><a href=\"https:\/\/anciens-fermat.fr\/en\/2025\/05\/11\/suite-de-laventure-bleu-pacific\/\" target=\"_self\" >Suite de l&#8217;aventure Bleu Pacific<\/a><\/h2>\n\n\n<div class=\"wp-block-group is-nowrap is-layout-flex wp-container-core-group-is-layout-ad2f72ca wp-block-group-is-layout-flex\"><div class=\"has-link-color wp-elements-529e9049a5861d6fe1e9de3b47db13b8 wp-block-post-date has-text-color has-woostify-primary-color\"><time datetime=\"2025-05-11T15:05:55+02:00\"><a href=\"https:\/\/anciens-fermat.fr\/en\/2025\/05\/11\/suite-de-laventure-bleu-pacific\/\">11 May 2025<\/a><\/time><\/div>\n\n<div class=\"taxonomy-category has-link-color wp-elements-47f808759938ffc496c17aac205bdef8 wp-block-post-terms has-text-color has-woostify-primary-color\"><span class=\"wp-block-post-terms__prefix\">\u2014 <\/span><a href=\"https:\/\/anciens-fermat.fr\/en\/category\/divers\/\" rel=\"tag\">Divers<\/a><\/div><\/div>\n\n\n<div class=\"wp-block-post-excerpt\"><p class=\"wp-block-post-excerpt__excerpt\">Voici maintenant deux mois que nous sommes en Guadeloupe et de grandes avanc\u00e9es sur le projet ont \u00e9t\u00e9 r\u00e9alis\u00e9es ! \ud83c\udf31 \u00c0 la rencontre des mangroves Une fois notre accueil \u00e0 l\u2019universit\u00e9&#8230; <\/p><\/div>\n<\/li><\/ul>\n\n\n<div style=\"height:32px\" aria-hidden=\"true\" class=\"wp-block-spacer\"><\/div>\n\n\n<nav class=\"wp-block-query-pagination is-layout-flex wp-block-query-pagination-is-layout-flex\" aria-label=\"Pagination\">\n\n\n<div class=\"wp-block-query-pagination-numbers\"><span aria-label=\"Page 1\" aria-current=\"page\" class=\"page-numbers current\" data-no-translation-aria-label=\"\">1<\/span>\n<a aria-label=\"Page 2\" class=\"page-numbers\" href=\"?query-31-page=2\" data-no-translation-aria-label=\"\">2<\/a>\n<a aria-label=\"Page 3\" class=\"page-numbers\" href=\"?query-31-page=3\" data-no-translation-aria-label=\"\">3<\/a>\n<span class=\"page-numbers dots\">&hellip;<\/span>\n<a aria-label=\"Page 11\" class=\"page-numbers\" href=\"?query-31-page=11\" data-no-translation-aria-label=\"\">11<\/a><\/div>\n\n<a href=\"\/en\/wp-json\/wp\/v2\/pages\/10?query-31-page=2\" class=\"wp-block-query-pagination-next\">Next Page<span class='wp-block-query-pagination-next-arrow is-arrow-arrow' aria-hidden='true'>\u2192<\/span><\/a>\n<\/nav>\n\n<\/div>\n<\/div>\n\n\n\n<div class=\"wp-block-column is-layout-flow wp-block-column-is-layout-flow\" style=\"flex-basis:33.33%\">\n<h2 class=\"wp-block-heading\">Cat\u00e9gories<\/h2>\n\n\n<ul class=\"wp-block-categories-list wp-block-categories\">\t<li class=\"cat-item cat-item-20\"><a href=\"https:\/\/anciens-fermat.fr\/en\/category\/assemblees-generales\/\">Assembl\u00e9es g\u00e9n\u00e9rales<\/a> (7)\n<\/li>\n\t<li class=\"cat-item cat-item-30\"><a href=\"https:\/\/anciens-fermat.fr\/en\/category\/banquets\/\">Banquets<\/a> (6)\n<\/li>\n\t<li class=\"cat-item cat-item-19\"><a href=\"https:\/\/anciens-fermat.fr\/en\/category\/conseils-dadministration\/\">Conseils d&#039;administration<\/a> (4)\n<\/li>\n\t<li class=\"cat-item cat-item-31\"><a href=\"https:\/\/anciens-fermat.fr\/en\/category\/divers\/\">Divers<\/a> (52)\n<\/li>\n\t<li class=\"cat-item cat-item-32\"><a href=\"https:\/\/anciens-fermat.fr\/en\/category\/mots-du-president\/\">Mots du Pr\u00e9sident<\/a> (2)\n<\/li>\n\t<li class=\"cat-item cat-item-1\"><a href=\"https:\/\/anciens-fermat.fr\/en\/category\/non-classe\/\">Non class\u00e9<\/a> (5)\n<\/li>\n\t<li class=\"cat-item cat-item-29\"><a href=\"https:\/\/anciens-fermat.fr\/en\/category\/reunions\/\">R\u00e9unions<\/a> (39)\n<\/li>\n<\/ul><\/div>\n<\/div>","protected":false},"excerpt":{"rendered":"<p>Cat\u00e9gories<\/p>","protected":false},"author":1,"featured_media":0,"parent":0,"menu_order":0,"comment_status":"closed","ping_status":"closed","template":"","meta":{"footnotes":""},"class_list":["post-10","page","type-page","status-publish","hentry"],"_links":{"self":[{"href":"https:\/\/anciens-fermat.fr\/en\/wp-json\/wp\/v2\/pages\/10","targetHints":{"allow":["GET"]}}],"collection":[{"href":"https:\/\/anciens-fermat.fr\/en\/wp-json\/wp\/v2\/pages"}],"about":[{"href":"https:\/\/anciens-fermat.fr\/en\/wp-json\/wp\/v2\/types\/page"}],"author":[{"embeddable":true,"href":"https:\/\/anciens-fermat.fr\/en\/wp-json\/wp\/v2\/users\/1"}],"replies":[{"embeddable":true,"href":"https:\/\/anciens-fermat.fr\/en\/wp-json\/wp\/v2\/comments?post=10"}],"version-history":[{"count":20,"href":"https:\/\/anciens-fermat.fr\/en\/wp-json\/wp\/v2\/pages\/10\/revisions"}],"predecessor-version":[{"id":572,"href":"https:\/\/anciens-fermat.fr\/en\/wp-json\/wp\/v2\/pages\/10\/revisions\/572"}],"wp:attachment":[{"href":"https:\/\/anciens-fermat.fr\/en\/wp-json\/wp\/v2\/media?parent=10"}],"curies":[{"name":"wp","href":"https:\/\/api.w.org\/{rel}","templated":true}]}}